{"id":26770,"date":"2020-05-22T09:49:56","date_gmt":"2020-05-22T06:49:56","guid":{"rendered":"https:\/\/www.forcehair.com\/?page_id=26770"},"modified":"2024-11-12T19:27:16","modified_gmt":"2024-11-12T16:27:16","slug":"perguntas-frequentes","status":"publish","type":"page","link":"https:\/\/www.forcehair.com\/pt\/perguntas-frequentes\/","title":{"rendered":"Perguntas Frequentes"},"content":{"rendered":"\t\t<div data-elementor-type=\"wp-page\" data-elementor-id=\"26770\" class=\"elementor elementor-26770 elementor-25095\" data-elementor-post-type=\"page\">\n\t\t\t\t\t\t<section class=\"elementor-section elementor-top-section elementor-element elementor-element-5015c13 elementor-section-height-min-height elementor-section-boxed elementor-section-height-default elementor-section-items-middle\" data-id=\"5015c13\" data-element_type=\"section\" data-settings=\"{&quot;background_background&quot;:&quot;classic&quot;}\">\n\t\t\t\t\t\t\t<div class=\"elementor-background-overlay\"><\/div>\n\t\t\t\t\t\t\t<div class=\"elementor-container elementor-column-gap-no\">\n\t\t\t\t\t<div class=\"elementor-column elementor-col-100 elementor-top-column elementor-element elementor-element-136ce70\" data-id=\"136ce70\" data-element_type=\"column\">\n\t\t\t<div class=\"elementor-widget-wrap elementor-element-populated\">\n\t\t\t\t\t\t<div class=\"elementor-element elementor-element-462ea20 elementor-widget elementor-widget-heading\" data-id=\"462ea20\" data-element_type=\"widget\" data-widget_type=\"heading.default\">\n\t\t\t\t<div class=\"elementor-widget-container\">\n\t\t\t<h1 class=\"elementor-heading-title elementor-size-default\">Perguntas Frequentes<\/h1>\t\t<\/div>\n\t\t\t\t<\/div>\n\t\t\t\t\t<\/div>\n\t\t<\/div>\n\t\t\t\t\t<\/div>\n\t\t<\/section>\n\t\t\t\t<section class=\"elementor-section elementor-top-section elementor-element elementor-element-1059f10 elementor-reverse-mobile elementor-section-boxed elementor-section-height-default elementor-section-height-default\" data-id=\"1059f10\" data-element_type=\"section\">\n\t\t\t\t\t\t\t<div class=\"elementor-background-overlay\"><\/div>\n\t\t\t\t\t\t\t<div class=\"elementor-container elementor-column-gap-no\">\n\t\t\t\t\t<div class=\"elementor-column elementor-col-66 elementor-top-column elementor-element elementor-element-54ad21a\" data-id=\"54ad21a\" data-element_type=\"column\">\n\t\t\t<div class=\"elementor-widget-wrap elementor-element-populated\">\n\t\t\t\t\t\t<div class=\"elementor-element elementor-element-5bd7b23 elementor-widget elementor-widget-text-editor\" data-id=\"5bd7b23\" data-element_type=\"widget\" data-widget_type=\"text-editor.default\">\n\t\t\t\t<div class=\"elementor-widget-container\">\n\t\t\t\t\t\t\t<p>As perguntas frequentes sobre a cirurgia de transplante capilar s\u00e3o comuns e podem variar dependendo da pessoa. H\u00e1 muitas perguntas que surgem quando algu\u00e9m est\u00e1 considerando um procedimento de cirurgia de transplante capilar. Aqui est\u00e3o alguns dos mais comuns:<\/p>\t\t\t\t\t\t<\/div>\n\t\t\t\t<\/div>\n\t\t\t\t<div class=\"elementor-element elementor-element-a221235 uael-faq-box-layout-yes align-at-left elementor-widget elementor-widget-uael-faq\" data-id=\"a221235\" data-element_type=\"widget\" data-widget_type=\"uael-faq.default\">\n\t\t\t\t<div class=\"elementor-widget-container\">\n\t\t\t\n\t\t\t<div id='uael-faq-wrapper-170' class=\"uael-faq-wrapper\">\n\t\t\t\t<div class=\"uael-faq-container uael-faq-layout-accordion\" data-layout=\"accordion\" >\n\t\t\t\t\t\t\t\t\t\t\t\t<div id=\"uael-accordion-d881325\" class=\"uael-faq-accordion\" role=\"tablist\">\n\t\t\t\t\t\t\t\t<div class= \"uael-accordion-title\" aria-expanded=\"false\" role=\"tab\">\n\t\t\t\t\t\t\t\t\t<span class=\"uael-accordion-icon uael-accordion-icon-left\">\n\t\t\t\t\t\t\t\t\t\t<span class=\"uael-accordion-icon-closed\"><i class=\"fas fa-angle-right\"><\/i><\/span>\n\t\t\t\t\t\t\t\t\t\t<span class=\"uael-accordion-icon-opened\"><i class=\"fas fa-angle-up\"><\/i><\/span>\n\t\t\t\t\t\t\t\t\t<\/span>\n\t\t\t\t\t\t\t\t\t<span class=\"uael-question-d881325 uael-question-span\" tabindex=\"0\" id=\"uael-faq-1-69ee4fdfec6c3\">1- QUANDO ACONTECE A ROTURA DE CABELO  AP\u00d3S O TRANSPLANTE E QUANDO ELE COME\u00c7A A CRESCER NOVAMENTE?<\/span>\n\t\t\t\t\t\t\t\t<\/div>\n\t\t\t\t\t\t\t\t<div class=\"uael-accordion-content\" role=\"tabpanel\">\n\t\t\t\t\t\t\t\t\t<span>\n\t\t\t\t\t\t\t\t\t<span><p>Resposta: 15 dias depois de implante, as ra\u00edzes de cabelo vivos partem no topo e caiem. Durante essa rotura, as ra\u00edzes permanecem intactas e permanecem no interior. A rotura pode levar at\u00e9 o 2\u00ba m\u00eas, ent\u00e3o as ra\u00edzes come\u00e7am a subir e crescer a partir do 3\u00ba m\u00eas, e esse processo de saida e extens\u00e3o de cabelo pode continuar de 6<sup>o<\/sup>\u00a0a 12<sup>o<\/sup>\u00a0mes.<\/p><\/span>\t\t\t\t\t\t\t\t\t<\/span>\n\t\t\t\t\t\t\t\t<\/div>\n\t\t\t\t\t\t\t<\/div>\n\t\t\t\t\t\t\t\t\t\t\t\t\t\t<div id=\"uael-accordion-f60f0b2\" class=\"uael-faq-accordion\" role=\"tablist\">\n\t\t\t\t\t\t\t\t<div class= \"uael-accordion-title\" aria-expanded=\"false\" role=\"tab\">\n\t\t\t\t\t\t\t\t\t<span class=\"uael-accordion-icon uael-accordion-icon-left\">\n\t\t\t\t\t\t\t\t\t\t<span class=\"uael-accordion-icon-closed\"><i class=\"fas fa-angle-right\"><\/i><\/span>\n\t\t\t\t\t\t\t\t\t\t<span class=\"uael-accordion-icon-opened\"><i class=\"fas fa-angle-up\"><\/i><\/span>\n\t\t\t\t\t\t\t\t\t<\/span>\n\t\t\t\t\t\t\t\t\t<span class=\"uael-question-f60f0b2 uael-question-span\" tabindex=\"0\" id=\"uael-faq-2-69ee4fdfec731\">2- A QUE COMPR\u0130MENTO DEVE ESTAR O SEU CABELO DURANTE O \u0130MPLANTE?<\/span>\n\t\t\t\t\t\t\t\t<\/div>\n\t\t\t\t\t\t\t\t<div class=\"uael-accordion-content\" role=\"tabpanel\">\n\t\t\t\t\t\t\t\t\t<span>\n\t\t\t\t\t\t\t\t\t<span><p>Resposta: Antes do transplante capilar, o seu cabelo precisa de ser reduzido a um n\u00famero para que as suas ra\u00edzes possam ser tomadas confortavelmente. A raz\u00e3o para isso \u00e9 que o di\u00e2metro dos instrumentos que usamos durante a recupera\u00e7\u00e3o dos tecidos da regi\u00e3o denuca \u00e9 de 0,8 mil\u00edmetros por 0,7 cent\u00edmetros. Precisamos cortar seu cabelo nucal em um cm curto para que possam remover o cabelo do interior da pele.<\/p><\/span>\t\t\t\t\t\t\t\t\t<\/span>\n\t\t\t\t\t\t\t\t<\/div>\n\t\t\t\t\t\t\t<\/div>\n\t\t\t\t\t\t\t\t\t\t\t\t\t\t<div id=\"uael-accordion-43328ad\" class=\"uael-faq-accordion\" role=\"tablist\">\n\t\t\t\t\t\t\t\t<div class= \"uael-accordion-title\" aria-expanded=\"false\" role=\"tab\">\n\t\t\t\t\t\t\t\t\t<span class=\"uael-accordion-icon uael-accordion-icon-left\">\n\t\t\t\t\t\t\t\t\t\t<span class=\"uael-accordion-icon-closed\"><i class=\"fas fa-angle-right\"><\/i><\/span>\n\t\t\t\t\t\t\t\t\t\t<span class=\"uael-accordion-icon-opened\"><i class=\"fas fa-angle-up\"><\/i><\/span>\n\t\t\t\t\t\t\t\t\t<\/span>\n\t\t\t\t\t\t\t\t\t<span class=\"uael-question-43328ad uael-question-span\" tabindex=\"0\" id=\"uael-faq-3-69ee4fdfec76b\">3- CRESCE O CABELOS  NA REG\u0130AO DOADOR NOVAMENTE?<\/span>\n\t\t\t\t\t\t\t\t<\/div>\n\t\t\t\t\t\t\t\t<div class=\"uael-accordion-content\" role=\"tabpanel\">\n\t\t\t\t\t\t\t\t\t<span>\n\t\t\t\t\t\t\t\t\t<span><p>Resposta: O cabelo n\u00e3o volta a crescer nos lugares onde o cabelo \u00e9 retirado. A raz\u00e3o para isso \u00e9 a remo\u00e7\u00e3o de p\u00ealos com textura e raiz. Portanto, \u00e9 muito importante a efici\u00eancia da parte da nuca para a correcta extra\u00e7\u00e3o e distribui\u00e7\u00e3o dos tecidos nesta regi\u00e3o. Mais tarde, o cabelo que n\u00e3o foi tomado da aquela regi\u00e3o cresce e fecha a \u00e1rea doador sem deixar cicatrizes.<\/p><\/span>\t\t\t\t\t\t\t\t\t<\/span>\n\t\t\t\t\t\t\t\t<\/div>\n\t\t\t\t\t\t\t<\/div>\n\t\t\t\t\t\t\t\t\t\t\t\t\t\t<div id=\"uael-accordion-88949e5\" class=\"uael-faq-accordion\" role=\"tablist\">\n\t\t\t\t\t\t\t\t<div class= \"uael-accordion-title\" aria-expanded=\"false\" role=\"tab\">\n\t\t\t\t\t\t\t\t\t<span class=\"uael-accordion-icon uael-accordion-icon-left\">\n\t\t\t\t\t\t\t\t\t\t<span class=\"uael-accordion-icon-closed\"><i class=\"fas fa-angle-right\"><\/i><\/span>\n\t\t\t\t\t\t\t\t\t\t<span class=\"uael-accordion-icon-opened\"><i class=\"fas fa-angle-up\"><\/i><\/span>\n\t\t\t\t\t\t\t\t\t<\/span>\n\t\t\t\t\t\t\t\t\t<span class=\"uael-question-88949e5 uael-question-span\" tabindex=\"0\" id=\"uael-faq-4-69ee4fdfec7a2\">4- QUAIS ASPECTOS NATURAIS APARECEM AP\u00d3S O TRANSPLANTE DE CABELOS?<\/span>\n\t\t\t\t\t\t\t\t<\/div>\n\t\t\t\t\t\t\t\t<div class=\"uael-accordion-content\" role=\"tabpanel\">\n\t\t\t\t\t\t\t\t\t<span>\n\t\t\t\t\t\t\t\t\t<span><p>Resposta: O mais importante aqui \u00e9 determinar uma linha da testa correta e abrir os canais no \u00e2ngulo correto e espessura. Se a linha da testa n\u00e3o for determinada de acordo com a pessoa e o canal n\u00e3o for aberto na dire\u00e7\u00e3o certa, o processo de implante ser\u00e1 longe de ser natura e fica uma imagem perturbadora na pessoa. Se a pessoa que faz o implante for boa nesse sentido e se o especialista realizar a opera\u00e7\u00e3o de acordo com as condi\u00e7\u00f5es mencionadas acima, o seu aspecto depois da implante ser\u00e1 muito natural.<\/p><\/span>\t\t\t\t\t\t\t\t\t<\/span>\n\t\t\t\t\t\t\t\t<\/div>\n\t\t\t\t\t\t\t<\/div>\n\t\t\t\t\t\t\t\t\t\t\t\t\t\t<div id=\"uael-accordion-3e0300a\" class=\"uael-faq-accordion\" role=\"tablist\">\n\t\t\t\t\t\t\t\t<div class= \"uael-accordion-title\" aria-expanded=\"false\" role=\"tab\">\n\t\t\t\t\t\t\t\t\t<span class=\"uael-accordion-icon uael-accordion-icon-left\">\n\t\t\t\t\t\t\t\t\t\t<span class=\"uael-accordion-icon-closed\"><i class=\"fas fa-angle-right\"><\/i><\/span>\n\t\t\t\t\t\t\t\t\t\t<span class=\"uael-accordion-icon-opened\"><i class=\"fas fa-angle-up\"><\/i><\/span>\n\t\t\t\t\t\t\t\t\t<\/span>\n\t\t\t\t\t\t\t\t\t<span class=\"uael-question-3e0300a uael-question-span\" tabindex=\"0\" id=\"uael-faq-5-69ee4fdfec7d9\">5- O MEU CABELO CRESCE?<\/span>\n\t\t\t\t\t\t\t\t<\/div>\n\t\t\t\t\t\t\t\t<div class=\"uael-accordion-content\" role=\"tabpanel\">\n\t\t\t\t\t\t\t\t\t<span>\n\t\t\t\t\t\t\t\t\t<span><p>O seu cabelo implantado cresce como o seu cabelo existente. Depois de completar o est\u00e1gio do crescimento do seu cabelo, voce ja pode o prolongar da forma que bem quer, voc\u00ea pode o pintar, voc\u00ea pode fazer manuten\u00e7\u00e3o do seu cabelo. Mas para fazer tudo isso pedimos que voc\u00ea espere um ano. Ent\u00e3o voc\u00ea \u00e9 livre para fazer qualquer coisa no seu cabelo.<\/p><\/span>\t\t\t\t\t\t\t\t\t<\/span>\n\t\t\t\t\t\t\t\t<\/div>\n\t\t\t\t\t\t\t<\/div>\n\t\t\t\t\t\t\t\t\t\t\t\t\t\t<div id=\"uael-accordion-343da28\" class=\"uael-faq-accordion\" role=\"tablist\">\n\t\t\t\t\t\t\t\t<div class= \"uael-accordion-title\" aria-expanded=\"false\" role=\"tab\">\n\t\t\t\t\t\t\t\t\t<span class=\"uael-accordion-icon uael-accordion-icon-left\">\n\t\t\t\t\t\t\t\t\t\t<span class=\"uael-accordion-icon-closed\"><i class=\"fas fa-angle-right\"><\/i><\/span>\n\t\t\t\t\t\t\t\t\t\t<span class=\"uael-accordion-icon-opened\"><i class=\"fas fa-angle-up\"><\/i><\/span>\n\t\t\t\t\t\t\t\t\t<\/span>\n\t\t\t\t\t\t\t\t\t<span class=\"uael-question-343da28 uael-question-span\" tabindex=\"0\" id=\"uael-faq-6-69ee4fdfec80e\">6- QUANTAS HORAS DURA A OPERA\u00c7\u00c3O DO TRANSPLANTE DO CABELO ?<\/span>\n\t\t\t\t\t\t\t\t<\/div>\n\t\t\t\t\t\t\t\t<div class=\"uael-accordion-content\" role=\"tabpanel\">\n\t\t\t\t\t\t\t\t\t<span>\n\t\t\t\t\t\t\t\t\t<span><p>Resposta: As opera\u00e7\u00f5es variam de 6 a 8 horas, dependendo do n\u00famero de enxertos a serem implantados.<\/p><\/span>\t\t\t\t\t\t\t\t\t<\/span>\n\t\t\t\t\t\t\t\t<\/div>\n\t\t\t\t\t\t\t<\/div>\n\t\t\t\t\t\t\t\t\t\t\t\t\t\t<div id=\"uael-accordion-e968693\" class=\"uael-faq-accordion\" role=\"tablist\">\n\t\t\t\t\t\t\t\t<div class= \"uael-accordion-title\" aria-expanded=\"false\" role=\"tab\">\n\t\t\t\t\t\t\t\t\t<span class=\"uael-accordion-icon uael-accordion-icon-left\">\n\t\t\t\t\t\t\t\t\t\t<span class=\"uael-accordion-icon-closed\"><i class=\"fas fa-angle-right\"><\/i><\/span>\n\t\t\t\t\t\t\t\t\t\t<span class=\"uael-accordion-icon-opened\"><i class=\"fas fa-angle-up\"><\/i><\/span>\n\t\t\t\t\t\t\t\t\t<\/span>\n\t\t\t\t\t\t\t\t\t<span class=\"uael-question-e968693 uael-question-span\" tabindex=\"0\" id=\"uael-faq-7-69ee4fdfec843\">7- QUANTO CUSTA A OPERA\u00c7\u00c3O?<\/span>\n\t\t\t\t\t\t\t\t<\/div>\n\t\t\t\t\t\t\t\t<div class=\"uael-accordion-content\" role=\"tabpanel\">\n\t\t\t\t\t\t\t\t\t<span>\n\t\t\t\t\t\t\t\t\t<span><p>Resposta: A faixa de pre\u00e7o varia de acordo com a perda de cabelo. Os pre\u00e7os indicados incluem medica\u00e7\u00e3o, xampu, lo\u00e7\u00e3o e 2 sess\u00f5es de PRP que o paciente usar\u00e1 ap\u00f3s o transplante.<\/p><\/span>\t\t\t\t\t\t\t\t\t<\/span>\n\t\t\t\t\t\t\t\t<\/div>\n\t\t\t\t\t\t\t<\/div>\n\t\t\t\t\t\t\t\t\t\t\t\t\t\t<div id=\"uael-accordion-7f3ee94\" class=\"uael-faq-accordion\" role=\"tablist\">\n\t\t\t\t\t\t\t\t<div class= \"uael-accordion-title\" aria-expanded=\"false\" role=\"tab\">\n\t\t\t\t\t\t\t\t\t<span class=\"uael-accordion-icon uael-accordion-icon-left\">\n\t\t\t\t\t\t\t\t\t\t<span class=\"uael-accordion-icon-closed\"><i class=\"fas fa-angle-right\"><\/i><\/span>\n\t\t\t\t\t\t\t\t\t\t<span class=\"uael-accordion-icon-opened\"><i class=\"fas fa-angle-up\"><\/i><\/span>\n\t\t\t\t\t\t\t\t\t<\/span>\n\t\t\t\t\t\t\t\t\t<span class=\"uael-question-7f3ee94 uael-question-span\" tabindex=\"0\" id=\"uael-faq-8-69ee4fdfec879\">8- EM  QUE SITUA\u00c7\u00d5ES N\u00c3O SE PODE FAZER TRANSPLANTE DE CABELO?<\/span>\n\t\t\t\t\t\t\t\t<\/div>\n\t\t\t\t\t\t\t\t<div class=\"uael-accordion-content\" role=\"tabpanel\">\n\t\t\t\t\t\t\t\t\t<span>\n\t\t\t\t\t\t\t\t\t<span><p>Resposta: Se a pessoa que vai fazer implante n\u00e3o tiver cabelo suficiente na regi\u00e3o de nuca e a pessoa tiver uma condi\u00e7\u00e3o cr\u00f4nica (cora\u00e7\u00e3o, press\u00e3o alta, diabete, etc.), se a pessoa for al\u00e9rgica aos medicamentos anest\u00e9sicos, usar, o transplante de cabelo n\u00e3o pode ser feito se houver algo inconveniente. A pessoa que far\u00e1 o transplante ser\u00e1 questionada no exame preliminar se esses dist\u00farbios est\u00e3o presentes e o paciente \u00e9 solicitado a fornecer informa\u00e7\u00f5es sobre este t\u00f3pico.<\/p><\/span>\t\t\t\t\t\t\t\t\t<\/span>\n\t\t\t\t\t\t\t\t<\/div>\n\t\t\t\t\t\t\t<\/div>\n\t\t\t\t\t\t\t\t\t\t\t\t\t\t<div id=\"uael-accordion-1554050\" class=\"uael-faq-accordion\" role=\"tablist\">\n\t\t\t\t\t\t\t\t<div class= \"uael-accordion-title\" aria-expanded=\"false\" role=\"tab\">\n\t\t\t\t\t\t\t\t\t<span class=\"uael-accordion-icon uael-accordion-icon-left\">\n\t\t\t\t\t\t\t\t\t\t<span class=\"uael-accordion-icon-closed\"><i class=\"fas fa-angle-right\"><\/i><\/span>\n\t\t\t\t\t\t\t\t\t\t<span class=\"uael-accordion-icon-opened\"><i class=\"fas fa-angle-up\"><\/i><\/span>\n\t\t\t\t\t\t\t\t\t<\/span>\n\t\t\t\t\t\t\t\t\t<span class=\"uael-question-1554050 uael-question-span\" tabindex=\"0\" id=\"uael-faq-9-69ee4fdfec8af\">9- A OPERA\u00c7\u00c3O DEIXA AS CICATRIZES? E QUANTO TEMPO PRECISA A PARTE DO TRAPLANTE PARA SE CURAR?<\/span>\n\t\t\t\t\t\t\t\t<\/div>\n\t\t\t\t\t\t\t\t<div class=\"uael-accordion-content\" role=\"tabpanel\">\n\t\t\t\t\t\t\t\t\t<span>\n\t\t\t\t\t\t\t\t\t<span><p>Resposta: Hoje em dia, porque fazemos o implante com a t\u00e9cnica FUE, as ra\u00edzes s\u00e3o retiradas da \u00e1rea doadora, portanto n\u00e3o h\u00e1 cicatrizes na \u00e1rea receptora. Dentro de alguns dias, a \u00e1rea de receptora ser\u00e1 recuperada. Devido o tamanho e a espessura de canais de enxerto abertos na \u00e1rea de implante, n\u00e3o havera nehuma cicatrizes nessa \u00e1rea. N\u00e3o havera nunhuma situa\u00e7\u00e3o que afeta a vida cotidiana da pessoa.<\/p><\/span>\t\t\t\t\t\t\t\t\t<\/span>\n\t\t\t\t\t\t\t\t<\/div>\n\t\t\t\t\t\t\t<\/div>\n\t\t\t\t\t\t\t\t\t\t\t\t\t\t<div id=\"uael-accordion-c95f074\" class=\"uael-faq-accordion\" role=\"tablist\">\n\t\t\t\t\t\t\t\t<div class= \"uael-accordion-title\" aria-expanded=\"false\" role=\"tab\">\n\t\t\t\t\t\t\t\t\t<span class=\"uael-accordion-icon uael-accordion-icon-left\">\n\t\t\t\t\t\t\t\t\t\t<span class=\"uael-accordion-icon-closed\"><i class=\"fas fa-angle-right\"><\/i><\/span>\n\t\t\t\t\t\t\t\t\t\t<span class=\"uael-accordion-icon-opened\"><i class=\"fas fa-angle-up\"><\/i><\/span>\n\t\t\t\t\t\t\t\t\t<\/span>\n\t\t\t\t\t\t\t\t\t<span class=\"uael-question-c95f074 uael-question-span\" tabindex=\"0\" id=\"uael-faq-10-69ee4fdfec8e5\">10- COM QUANTOS ANOS \u00c9 QUE SE DEVE FAZER TRANSPLANTE DO CABELO?<\/span>\n\t\t\t\t\t\t\t\t<\/div>\n\t\t\t\t\t\t\t\t<div class=\"uael-accordion-content\" role=\"tabpanel\">\n\t\t\t\t\t\t\t\t\t<span>\n\t\t\t\t\t\t\t\t\t<span><p>Resposta: A menos que haja um problema de sa\u00fade, todo mundo de 20 a 70 anos de idade pode fazer o cabelo.<\/p><\/span>\t\t\t\t\t\t\t\t\t<\/span>\n\t\t\t\t\t\t\t\t<\/div>\n\t\t\t\t\t\t\t<\/div>\n\t\t\t\t\t\t\t\t\t\t\t\t\t\t<div id=\"uael-accordion-5878c10\" class=\"uael-faq-accordion\" role=\"tablist\">\n\t\t\t\t\t\t\t\t<div class= \"uael-accordion-title\" aria-expanded=\"false\" role=\"tab\">\n\t\t\t\t\t\t\t\t\t<span class=\"uael-accordion-icon uael-accordion-icon-left\">\n\t\t\t\t\t\t\t\t\t\t<span class=\"uael-accordion-icon-closed\"><i class=\"fas fa-angle-right\"><\/i><\/span>\n\t\t\t\t\t\t\t\t\t\t<span class=\"uael-accordion-icon-opened\"><i class=\"fas fa-angle-up\"><\/i><\/span>\n\t\t\t\t\t\t\t\t\t<\/span>\n\t\t\t\t\t\t\t\t\t<span class=\"uael-question-5878c10 uael-question-span\" tabindex=\"0\" id=\"uael-faq-11-69ee4fdfec919\">11- O QUE DEVE SER CUIDADO PARA O TRANSPLANTE DE CABELO?<\/span>\n\t\t\t\t\t\t\t\t<\/div>\n\t\t\t\t\t\t\t\t<div class=\"uael-accordion-content\" role=\"tabpanel\">\n\t\t\t\t\t\t\t\t\t<span>\n\t\t\t\t\t\t\t\t\t<span><p>Resposta: As primeiras 72 horas ap\u00f3s o transplante s\u00e3o muito importantes. A area de transplante completamente n\u00e3o deve ser lavado e tocado durante os dias recomendado por especialista. Ap\u00f3s os primeiros 3 dias de transplante, voc\u00ea precisa se deitar de costas em um \u00e2ngulo de 45 graus. Evite trabalho pesado, estresse, rela\u00e7\u00f5es sexuais e \u00e1lcool durante a primeira semana de transplante. Al\u00e9m disso, deve-se tomar cuidado para n\u00e3o bater e esfregar a \u00e1rea de implante. Ap\u00f3s a primeira lavagem, o paciente pode lavar a \u00e1rea\u00a0 com toques delicados lavando-a conforme instruido durante 15 dias,\u00a0 esteja seguro que a \u00e1rea est\u00e1 livre de cascas. Al\u00e9m disso, o hamam ( banho turco) , sauna e desportos pesados \u200b\u200bpor 2 meses devem ser evitados. De novo os primeiros 2 meses deve se manter longe da luz solar excessiva e n\u00e3o deve entrar no mar. Voc\u00ea tamb\u00e9m deve ficar longe da chuva e da poeira. Nos primeiros 6 meses, na area de implante, o corte deve ser feito com uma tesoura e n\u00e3o pela m\u00e1quina. A pintura de cabelo n\u00e3o deve ser feita antes que o cabelo esteja completamente crescido.<\/p><\/span>\t\t\t\t\t\t\t\t\t<\/span>\n\t\t\t\t\t\t\t\t<\/div>\n\t\t\t\t\t\t\t<\/div>\n\t\t\t\t\t\t\t\t\t\t\t\t\t\t<div id=\"uael-accordion-2b41977\" class=\"uael-faq-accordion\" role=\"tablist\">\n\t\t\t\t\t\t\t\t<div class= \"uael-accordion-title\" aria-expanded=\"false\" role=\"tab\">\n\t\t\t\t\t\t\t\t\t<span class=\"uael-accordion-icon uael-accordion-icon-left\">\n\t\t\t\t\t\t\t\t\t\t<span class=\"uael-accordion-icon-closed\"><i class=\"fas fa-angle-right\"><\/i><\/span>\n\t\t\t\t\t\t\t\t\t\t<span class=\"uael-accordion-icon-opened\"><i class=\"fas fa-angle-up\"><\/i><\/span>\n\t\t\t\t\t\t\t\t\t<\/span>\n\t\t\t\t\t\t\t\t\t<span class=\"uael-question-2b41977 uael-question-span\" tabindex=\"0\" id=\"uael-faq-12-69ee4fdfec94e\">12 \u2013 COMO AJUSTAR A DIRE\u00c7\u00c3O DO CABELO?<\/span>\n\t\t\t\t\t\t\t\t<\/div>\n\t\t\t\t\t\t\t\t<div class=\"uael-accordion-content\" role=\"tabpanel\">\n\t\t\t\t\t\t\t\t\t<span>\n\t\t\t\t\t\t\t\t\t<span><p>Resposta:A dire\u00e7\u00e3o do cabelo \u00e9 determinada ao abrir lugar onde as ra\u00edzes ser\u00e3o colocado. Gra\u00e7as aos canais abertos de acordo com a dire\u00e7\u00e3o do seu cabelo voc\u00ea pode facilmente pentear o seu cabelo na dire\u00e7\u00e3o que o senhor desejar depois que o cabelo for crescido.<\/p><p>\u00c9 muito importante que a pessoa que abre o canal seja profissional. Devido a canais incorretos, o seu cabelo pode ficar pa posi\u00e7ao vertical ou cada um pode sair na posi\u00e7ao diferente.<\/p><\/span>\t\t\t\t\t\t\t\t\t<\/span>\n\t\t\t\t\t\t\t\t<\/div>\n\t\t\t\t\t\t\t<\/div>\n\t\t\t\t\t\t\t\t\t\t\t\t\t\t<div id=\"uael-accordion-d8b4535\" class=\"uael-faq-accordion\" role=\"tablist\">\n\t\t\t\t\t\t\t\t<div class= \"uael-accordion-title\" aria-expanded=\"false\" role=\"tab\">\n\t\t\t\t\t\t\t\t\t<span class=\"uael-accordion-icon uael-accordion-icon-left\">\n\t\t\t\t\t\t\t\t\t\t<span class=\"uael-accordion-icon-closed\"><i class=\"fas fa-angle-right\"><\/i><\/span>\n\t\t\t\t\t\t\t\t\t\t<span class=\"uael-accordion-icon-opened\"><i class=\"fas fa-angle-up\"><\/i><\/span>\n\t\t\t\t\t\t\t\t\t<\/span>\n\t\t\t\t\t\t\t\t\t<span class=\"uael-question-d8b4535 uael-question-span\" tabindex=\"0\" id=\"uael-faq-13-69ee4fdfec993\">13- PERDA DE CABELO DISPON\u00cdVEL?<\/span>\n\t\t\t\t\t\t\t\t<\/div>\n\t\t\t\t\t\t\t\t<div class=\"uael-accordion-content\" role=\"tabpanel\">\n\t\t\t\t\t\t\t\t\t<span>\n\t\t\t\t\t\t\t\t\t<span><p>Resposta: Durante a fase de recupera\u00e7\u00e3o, o seu cabelo existente na \u00e1rea de recep\u00e7\u00e3o ficar\u00e1 mais forte com o aumento acumula\u00e7\u00e3o de sangue na area. Al\u00e9m disso, se voc\u00ea tiver seu pr\u00f3prio cabelo no local de implante, onde o canal \u00e9 aberto sem danificar o cabelo, n\u00e3o haver\u00e1 nenhuma perda do seu cabelo existente causado pelo implante. No processo de recupera\u00e7\u00e3o, haver\u00e1 tamb\u00e9m aumento de acumula\u00e7\u00e3o de sangue e servira como suprimento a cabelo nesta area. Mas se voce \u00e9 uma pessoa que geneticamnete tende a perder o cabelo com o tempo, h\u00e1 possibilidade de perder cabelo na \u00e1rea em que n\u00e3o foi feito o implante. Mas Isso n\u00e3o se aplica ao cabelo da nuca.<\/p><\/span>\t\t\t\t\t\t\t\t\t<\/span>\n\t\t\t\t\t\t\t\t<\/div>\n\t\t\t\t\t\t\t<\/div>\n\t\t\t\t\t\t\t\t\t\t\t\t\t\t<div id=\"uael-accordion-54c4694\" class=\"uael-faq-accordion\" role=\"tablist\">\n\t\t\t\t\t\t\t\t<div class= \"uael-accordion-title\" aria-expanded=\"false\" role=\"tab\">\n\t\t\t\t\t\t\t\t\t<span class=\"uael-accordion-icon uael-accordion-icon-left\">\n\t\t\t\t\t\t\t\t\t\t<span class=\"uael-accordion-icon-closed\"><i class=\"fas fa-angle-right\"><\/i><\/span>\n\t\t\t\t\t\t\t\t\t\t<span class=\"uael-accordion-icon-opened\"><i class=\"fas fa-angle-up\"><\/i><\/span>\n\t\t\t\t\t\t\t\t\t<\/span>\n\t\t\t\t\t\t\t\t\t<span class=\"uael-question-54c4694 uael-question-span\" tabindex=\"0\" id=\"uael-faq-14-69ee4fdfec9cc\">14- O CABELO TRANSPLANTADO CA\u0130 COM TEMPO?<\/span>\n\t\t\t\t\t\t\t\t<\/div>\n\t\t\t\t\t\t\t\t<div class=\"uael-accordion-content\" role=\"tabpanel\">\n\t\t\t\t\t\t\t\t\t<span>\n\t\t\t\t\t\t\t\t\t<span><p>Resposta: O cabelo implantado n\u00e3o cai com o tempo. A raz\u00e3o \u00e9 que nos homens o cabelo na regi\u00e3o do pesco\u00e7o \u00e9 codificado de modo a n\u00e3o ser geneticamente derramado. Por esta raz\u00e3o, o cabelo cresce em sua vida para sempre.<\/p><\/span>\t\t\t\t\t\t\t\t\t<\/span>\n\t\t\t\t\t\t\t\t<\/div>\n\t\t\t\t\t\t\t<\/div>\n\t\t\t\t\t\t\t\t\t\t\t\t\t\t<div id=\"uael-accordion-827f541\" class=\"uael-faq-accordion\" role=\"tablist\">\n\t\t\t\t\t\t\t\t<div class= \"uael-accordion-title\" aria-expanded=\"false\" role=\"tab\">\n\t\t\t\t\t\t\t\t\t<span class=\"uael-accordion-icon uael-accordion-icon-left\">\n\t\t\t\t\t\t\t\t\t\t<span class=\"uael-accordion-icon-closed\"><i class=\"fas fa-angle-right\"><\/i><\/span>\n\t\t\t\t\t\t\t\t\t\t<span class=\"uael-accordion-icon-opened\"><i class=\"fas fa-angle-up\"><\/i><\/span>\n\t\t\t\t\t\t\t\t\t<\/span>\n\t\t\t\t\t\t\t\t\t<span class=\"uael-question-827f541 uael-question-span\" tabindex=\"0\" id=\"uael-faq-15-69ee4fdfeca03\">15- VOC\u00ca SENTE DOR AP\u00d3S O TRANSPLANTE?<\/span>\n\t\t\t\t\t\t\t\t<\/div>\n\t\t\t\t\t\t\t\t<div class=\"uael-accordion-content\" role=\"tabpanel\">\n\t\t\t\t\t\t\t\t\t<span>\n\t\t\t\t\t\t\t\t\t<span><p>Resposta: N\u00e3o h\u00e1 dor ap\u00f3s o transplante. No transplante realizado com a t\u00e9cnica de FUE. Voc\u00ea pode deitar-se confortavelmente no local onde o transplante \u00e9 feito e n\u00e3o sentir\u00e1 nenhuma tens\u00e3o, sonol\u00eancia e dor no pesco\u00e7o.<\/p><\/span>\t\t\t\t\t\t\t\t\t<\/span>\n\t\t\t\t\t\t\t\t<\/div>\n\t\t\t\t\t\t\t<\/div>\n\t\t\t\t\t\t\t\t\t\t\t\t\t\t<div id=\"uael-accordion-2d6e0bf\" class=\"uael-faq-accordion\" role=\"tablist\">\n\t\t\t\t\t\t\t\t<div class= \"uael-accordion-title\" aria-expanded=\"false\" role=\"tab\">\n\t\t\t\t\t\t\t\t\t<span class=\"uael-accordion-icon uael-accordion-icon-left\">\n\t\t\t\t\t\t\t\t\t\t<span class=\"uael-accordion-icon-closed\"><i class=\"fas fa-angle-right\"><\/i><\/span>\n\t\t\t\t\t\t\t\t\t\t<span class=\"uael-accordion-icon-opened\"><i class=\"fas fa-angle-up\"><\/i><\/span>\n\t\t\t\t\t\t\t\t\t<\/span>\n\t\t\t\t\t\t\t\t\t<span class=\"uael-question-2d6e0bf uael-question-span\" tabindex=\"0\" id=\"uael-faq-16-69ee4fdfeca39\">16- O QUE \u00c9 GREFT? NUMA SESS\u00c3O QUANTOS GREFT PODEM SER IMPLANTADOS?<\/span>\n\t\t\t\t\t\t\t\t<\/div>\n\t\t\t\t\t\t\t\t<div class=\"uael-accordion-content\" role=\"tabpanel\">\n\t\t\t\t\t\t\t\t\t<span>\n\t\t\t\t\t\t\t\t\t<span><div class=\"leftContent col-md-9\"><article><div class=\"leftContent col-md-9\"><article><p>Resposta: O GREFT ( enxerto)\u00a0 \u00e9 o peda\u00e7o de tecido enraizado retirado da nuca. Cada enxerto tem 1, 2 ou 3 fol\u00edculos pilosos. O n\u00famero de enxertos a serem transplantados varia de pessoa para pessoa, mas o correto e saud\u00e1vel \u00e9 receber um m\u00e1ximo de 3500 a 4500 enxertos e Isto \u00e9 equivalente a cerca de 10000 a 13000 fios de cabelo. Tentar obter mais pode levar a um trauma irrevers\u00edvel na \u00e1rea da nuca.<\/p><\/article><\/div><div class=\"sideTop col-md-3\">\u00a0<\/div><\/article><\/div><\/span>\t\t\t\t\t\t\t\t\t<\/span>\n\t\t\t\t\t\t\t\t<\/div>\n\t\t\t\t\t\t\t<\/div>\n\t\t\t\t\t\t\t\t\t\t\t<\/div>\n\t\t\t<\/div>\n\t\t\t\t\t<\/div>\n\t\t\t\t<\/div>\n\t\t\t\t\t<\/div>\n\t\t<\/div>\n\t\t\t\t<div class=\"elementor-column elementor-col-33 elementor-top-column elementor-element elementor-element-3898d38\" data-id=\"3898d38\" data-element_type=\"column\">\n\t\t\t<div class=\"elementor-widget-wrap elementor-element-populated\">\n\t\t\t\t\t\t<div class=\"elementor-element elementor-element-4b5f5cf elementor-widget elementor-widget-wpforms\" data-id=\"4b5f5cf\" data-element_type=\"widget\" data-widget_type=\"wpforms.default\">\n\t\t\t\t<div class=\"elementor-widget-container\">\n\t\t\t<div class=\"wpforms-container \" id=\"wpforms-28836\"><form id=\"wpforms-form-28836\" class=\"wpforms-validate wpforms-form\" data-formid=\"28836\" method=\"post\" enctype=\"multipart\/form-data\" action=\"\/pt\/wp-json\/wp\/v2\/pages\/26770\" data-token=\"dcd25eb44c38cdc97f5f2567ea643852\" data-token-time=\"1777225695\"><div class=\"wpforms-head-container\"><div class=\"wpforms-title\">Contato<\/div><\/div><noscript class=\"wpforms-error-noscript\">Please enable JavaScript in your browser to complete this form.<\/noscript><div class=\"wpforms-field-container\"><div id=\"wpforms-28836-field_0-container\" class=\"wpforms-field wpforms-field-name\" data-field-id=\"0\"><label class=\"wpforms-field-label\">Nome <span class=\"wpforms-required-label\">*<\/span><\/label><div class=\"wpforms-field-row wpforms-field-large\"><div class=\"wpforms-field-row-block wpforms-first wpforms-one-half\"><input type=\"text\" id=\"wpforms-28836-field_0\" class=\"wpforms-field-name-first wpforms-field-required\" name=\"wpforms[fields][0][first]\" required><label for=\"wpforms-28836-field_0\" class=\"wpforms-field-sublabel after\">First<\/label><\/div><div class=\"wpforms-field-row-block wpforms-one-half\"><input type=\"text\" id=\"wpforms-28836-field_0-last\" class=\"wpforms-field-name-last wpforms-field-required\" name=\"wpforms[fields][0][last]\" required><label for=\"wpforms-28836-field_0-last\" class=\"wpforms-field-sublabel after\">Last<\/label><\/div><\/div><\/div><div id=\"wpforms-28836-field_3-container\" class=\"wpforms-field wpforms-field-number\" data-field-id=\"3\"><label class=\"wpforms-field-label\" for=\"wpforms-28836-field_3\">N\u00famero de telefone <span class=\"wpforms-required-label\">*<\/span><\/label><input type=\"number\" id=\"wpforms-28836-field_3\" class=\"wpforms-field-medium wpforms-field-required\" name=\"wpforms[fields][3]\" required><\/div><div id=\"wpforms-28836-field_1-container\" class=\"wpforms-field wpforms-field-email\" data-field-id=\"1\"><label class=\"wpforms-field-label\" for=\"wpforms-28836-field_1\">Email <span class=\"wpforms-required-label\">*<\/span><\/label><input type=\"email\" id=\"wpforms-28836-field_1\" class=\"wpforms-field-large wpforms-field-required\" name=\"wpforms[fields][1]\" spellcheck=\"false\" required><\/div><div id=\"wpforms-28836-field_2-container\" class=\"wpforms-field wpforms-field-textarea\" data-field-id=\"2\"><label class=\"wpforms-field-label\" for=\"wpforms-28836-field_2\">Mensagem <span class=\"wpforms-required-label\">*<\/span><\/label><textarea id=\"wpforms-28836-field_2\" class=\"wpforms-field-medium wpforms-field-required\" name=\"wpforms[fields][2]\" required><\/textarea><\/div><\/div><!-- .wpforms-field-container --><div class=\"wpforms-field wpforms-field-hp\"><label for=\"wpforms-28836-field-hp\" class=\"wpforms-field-label\">Message<\/label><input type=\"text\" name=\"wpforms[hp]\" id=\"wpforms-28836-field-hp\" class=\"wpforms-field-medium\"><\/div><div class=\"wpforms-recaptcha-container wpforms-is-recaptcha wpforms-is-recaptcha-type-v2\" ><div class=\"g-recaptcha\" data-sitekey=\"6LeyKk8hAAAAAB7F6aGzJXBsnat46Q-xeqmlkMOp\"><\/div><input type=\"text\" name=\"g-recaptcha-hidden\" class=\"wpforms-recaptcha-hidden\" style=\"position:absolute!important;clip:rect(0,0,0,0)!important;height:1px!important;width:1px!important;border:0!important;overflow:hidden!important;padding:0!important;margin:0!important;\" data-rule-recaptcha=\"1\"><\/div><div class=\"wpforms-submit-container\" ><input type=\"hidden\" name=\"wpforms[id]\" value=\"28836\"><input type=\"hidden\" name=\"page_title\" value=\"\"><input type=\"hidden\" name=\"page_url\" value=\"https:\/\/www.forcehair.com\/pt\/wp-json\/wp\/v2\/pages\/26770\"><button type=\"submit\" name=\"wpforms[submit]\" id=\"wpforms-submit-28836\" class=\"wpforms-submit\" data-alt-text=\"Enviando...\" data-submit-text=\"Enviar\" aria-live=\"assertive\" value=\"wpforms-submit\">Enviar<\/button><\/div><\/form><\/div>  <!-- .wpforms-container -->\t\t<\/div>\n\t\t\t\t<\/div>\n\t\t\t\t\t<\/div>\n\t\t<\/div>\n\t\t\t\t\t<\/div>\n\t\t<\/section>\n\t\t\t\t<\/div>\n\t\t","protected":false},"excerpt":{"rendered":"<p>Perguntas Frequentes As perguntas frequentes sobre a cirurgia de transplante capilar s\u00e3o comuns e podem variar dependendo da pessoa. H\u00e1 muitas perguntas que surgem quando algu\u00e9m est\u00e1 considerando um procedimento de cirurgia de transplante capilar. Aqui est\u00e3o alguns dos mais comuns: 1- QUANDO ACONTECE A ROTURA DE CABELO AP\u00d3S O TRANSPLANTE E QUANDO ELE COME\u00c7A [&hellip;]<\/p>\n","protected":false},"author":1,"featured_media":0,"parent":0,"menu_order":0,"comment_status":"closed","ping_status":"closed","template":"","meta":{"site-sidebar-layout":"no-sidebar","site-content-layout":"page-builder","ast-site-content-layout":"","site-content-style":"default","site-sidebar-style":"default","ast-global-header-display":"","ast-banner-title-visibility":"","ast-main-header-display":"","ast-hfb-above-header-display":"","ast-hfb-below-header-display":"","ast-hfb-mobile-header-display":"","site-post-title":"disabled","ast-breadcrumbs-content":"disabled","ast-featured-img":"disabled","footer-sml-layout":"disabled","theme-transparent-header-meta":"enabled","adv-header-id-meta":"","stick-header-meta":"","header-above-stick-meta":"","header-main-stick-meta":"","header-below-stick-meta":"","astra-migrate-meta-layouts":"default","ast-page-background-enabled":"default","ast-page-background-meta":{"desktop":{"background-color":"","background-image":"","background-repeat":"repeat","background-position":"center center","background-size":"auto","background-attachment":"scroll","background-type":"","background-media":"","overlay-type":"","overlay-color":"","overlay-opacity":"","overlay-gradient":""},"tablet":{"background-color":"","background-image":"","background-repeat":"repeat","background-position":"center center","background-size":"auto","background-attachment":"scroll","background-type":"","background-media":"","overlay-type":"","overlay-color":"","overlay-opacity":"","overlay-gradient":""},"mobile":{"background-color":"","background-image":"","background-repeat":"repeat","background-position":"center center","background-size":"auto","background-attachment":"scroll","background-type":"","background-media":"","overlay-type":"","overlay-color":"","overlay-opacity":"","overlay-gradient":""}},"ast-content-background-meta":{"desktop":{"background-color":"var(--ast-global-color-5)","background-image":"","background-repeat":"repeat","background-position":"center center","background-size":"auto","background-attachment":"scroll","background-type":"","background-media":"","overlay-type":"","overlay-color":"","overlay-opacity":"","overlay-gradient":""},"tablet":{"background-color":"var(--ast-global-color-5)","background-image":"","background-repeat":"repeat","background-position":"center center","background-size":"auto","background-attachment":"scroll","background-type":"","background-media":"","overlay-type":"","overlay-color":"","overlay-opacity":"","overlay-gradient":""},"mobile":{"background-color":"var(--ast-global-color-5)","background-image":"","background-repeat":"repeat","background-position":"center center","background-size":"auto","background-attachment":"scroll","background-type":"","background-media":"","overlay-type":"","overlay-color":"","overlay-opacity":"","overlay-gradient":""}},"footnotes":""},"class_list":["post-26770","page","type-page","status-publish","hentry"],"aioseo_notices":[],"_links":{"self":[{"href":"https:\/\/www.forcehair.com\/pt\/wp-json\/wp\/v2\/pages\/26770","targetHints":{"allow":["GET"]}}],"collection":[{"href":"https:\/\/www.forcehair.com\/pt\/wp-json\/wp\/v2\/pages"}],"about":[{"href":"https:\/\/www.forcehair.com\/pt\/wp-json\/wp\/v2\/types\/page"}],"author":[{"embeddable":true,"href":"https:\/\/www.forcehair.com\/pt\/wp-json\/wp\/v2\/users\/1"}],"replies":[{"embeddable":true,"href":"https:\/\/www.forcehair.com\/pt\/wp-json\/wp\/v2\/comments?post=26770"}],"version-history":[{"count":3,"href":"https:\/\/www.forcehair.com\/pt\/wp-json\/wp\/v2\/pages\/26770\/revisions"}],"predecessor-version":[{"id":30718,"href":"https:\/\/www.forcehair.com\/pt\/wp-json\/wp\/v2\/pages\/26770\/revisions\/30718"}],"wp:attachment":[{"href":"https:\/\/www.forcehair.com\/pt\/wp-json\/wp\/v2\/media?parent=26770"}],"curies":[{"name":"wp","href":"https:\/\/api.w.org\/{rel}","templated":true}]}}